{"id":1274,"date":"2023-05-20T10:09:10","date_gmt":"2023-05-20T10:09:10","guid":{"rendered":"http:\/\/www-neu.stahl-ton.de\/?page_id=1274"},"modified":"2023-10-06T10:45:16","modified_gmt":"2023-10-06T10:45:16","slug":"galerie","status":"publish","type":"page","link":"https:\/\/www.stahl-ton.de\/index.php\/galerie\/","title":{"rendered":"Galerie"},"content":{"rendered":"\n<div class=\"wp-block-group is-layout-constrained wp-block-group-is-layout-constrained\">\n<h2 class=\"wp-block-heading\"><a href=\"https:\/\/www.stahl-ton.de\/index.php\/galerie\/passage-2023\/\" data-type=\"page\" data-id=\"1522\">Passagen 2023<\/a><\/h2>\n\n\n\n<figure class=\"wp-block-image size-large\"><a href=\"https:\/\/www.stahl-ton.de\/index.php\/galerie\/passage-2023\/\"><img loading=\"lazy\" decoding=\"async\" width=\"768\" height=\"1024\" src=\"https:\/\/www.stahl-ton.de\/wp-content\/uploads\/2023\/06\/1-IMG_3832-768x1024.jpeg\" alt=\"\" class=\"wp-image-1330\" srcset=\"https:\/\/www.stahl-ton.de\/wp-content\/uploads\/2023\/06\/1-IMG_3832-768x1024.jpeg 768w, https:\/\/www.stahl-ton.de\/wp-content\/uploads\/2023\/06\/1-IMG_3832-225x300.jpeg 225w, https:\/\/www.stahl-ton.de\/wp-content\/uploads\/2023\/06\/1-IMG_3832-1152x1536.jpeg 1152w, https:\/\/www.stahl-ton.de\/wp-content\/uploads\/2023\/06\/1-IMG_3832-1536x2048.jpeg 1536w, https:\/\/www.stahl-ton.de\/wp-content\/uploads\/2023\/06\/1-IMG_3832-scaled.jpeg 1920w\" sizes=\"(max-width: 768px) 100vw, 768px\" \/><\/a><\/figure>\n<\/div>\n\n\n\n<div class=\"wp-block-group is-layout-constrained wp-block-group-is-layout-constrained\">\n<h2 class=\"wp-block-heading\"><a href=\"https:\/\/www.stahl-ton.de\/index.php\/galerie\/tore\/\" data-type=\"page\" data-id=\"1490\">Tore<\/a><\/h2>\n\n\n\n<figure class=\"wp-block-image size-large\"><a href=\"https:\/\/www.stahl-ton.de\/index.php\/galerie\/tore\/\"><img loading=\"lazy\" decoding=\"async\" width=\"1024\" height=\"685\" src=\"https:\/\/www.stahl-ton.de\/wp-content\/uploads\/2019\/01\/DSC_1627-1024x685.jpg\" alt=\"\" class=\"wp-image-551\" srcset=\"https:\/\/www.stahl-ton.de\/wp-content\/uploads\/2019\/01\/DSC_1627-1024x685.jpg 1024w, https:\/\/www.stahl-ton.de\/wp-content\/uploads\/2019\/01\/DSC_1627-300x201.jpg 300w, https:\/\/www.stahl-ton.de\/wp-content\/uploads\/2019\/01\/DSC_1627-768x514.jpg 768w, https:\/\/www.stahl-ton.de\/wp-content\/uploads\/2019\/01\/DSC_1627-1536x1028.jpg 1536w, https:\/\/www.stahl-ton.de\/wp-content\/uploads\/2019\/01\/DSC_1627-2048x1371.jpg 2048w\" sizes=\"(max-width: 1024px) 100vw, 1024px\" \/><\/a><\/figure>\n<\/div>\n\n\n\n<div class=\"wp-block-group is-vertical is-layout-flex wp-container-core-group-is-layout-3 wp-block-group-is-layout-flex\">\n<h2 class=\"wp-block-heading\"><a href=\"https:\/\/www.stahl-ton.de\/index.php\/galerie\/tueren\/\" data-type=\"page\" data-id=\"1492\">T\u00fcren<\/a><\/h2>\n\n\n\n<figure class=\"wp-block-image size-large\"><a href=\"https:\/\/www.stahl-ton.de\/index.php\/galerie\/tueren\/\"><img loading=\"lazy\" decoding=\"async\" width=\"1024\" height=\"768\" src=\"https:\/\/www.stahl-ton.de\/wp-content\/uploads\/2019\/01\/Treppen-Haberland-024-1024x768.jpg\" alt=\"\" class=\"wp-image-380\" srcset=\"https:\/\/www.stahl-ton.de\/wp-content\/uploads\/2019\/01\/Treppen-Haberland-024-1024x768.jpg 1024w, https:\/\/www.stahl-ton.de\/wp-content\/uploads\/2019\/01\/Treppen-Haberland-024-300x225.jpg 300w, https:\/\/www.stahl-ton.de\/wp-content\/uploads\/2019\/01\/Treppen-Haberland-024-768x576.jpg 768w, https:\/\/www.stahl-ton.de\/wp-content\/uploads\/2019\/01\/Treppen-Haberland-024-1536x1152.jpg 1536w, https:\/\/www.stahl-ton.de\/wp-content\/uploads\/2019\/01\/Treppen-Haberland-024.jpg 2048w\" sizes=\"(max-width: 1024px) 100vw, 1024px\" \/><\/a><\/figure>\n<\/div>\n\n\n\n<div class=\"wp-block-group is-vertical is-layout-flex wp-container-core-group-is-layout-4 wp-block-group-is-layout-flex\">\n<h2 class=\"wp-block-heading\"><a href=\"https:\/\/www.stahl-ton.de\/index.php\/galerie\/lofttueren\/\" data-type=\"page\" data-id=\"1494\">Loftt\u00fcren<\/a><\/h2>\n\n\n\n<figure class=\"wp-block-image size-large\"><a href=\"https:\/\/www.stahl-ton.de\/index.php\/galerie\/lofttueren\/\"><img loading=\"lazy\" decoding=\"async\" width=\"768\" height=\"1024\" src=\"https:\/\/www.stahl-ton.de\/wp-content\/uploads\/2023\/07\/Lofttueren-4-768x1024.jpg\" alt=\"Loftt\u00fcren\" class=\"wp-image-1609\" srcset=\"https:\/\/www.stahl-ton.de\/wp-content\/uploads\/2023\/07\/Lofttueren-4-768x1024.jpg 768w, https:\/\/www.stahl-ton.de\/wp-content\/uploads\/2023\/07\/Lofttueren-4-225x300.jpg 225w, https:\/\/www.stahl-ton.de\/wp-content\/uploads\/2023\/07\/Lofttueren-4-1152x1536.jpg 1152w, https:\/\/www.stahl-ton.de\/wp-content\/uploads\/2023\/07\/Lofttueren-4-1536x2048.jpg 1536w, https:\/\/www.stahl-ton.de\/wp-content\/uploads\/2023\/07\/Lofttueren-4-scaled.jpg 1920w\" sizes=\"(max-width: 768px) 100vw, 768px\" \/><\/a><\/figure>\n<\/div>\n\n\n\n<div class=\"wp-block-group is-vertical is-layout-flex wp-container-core-group-is-layout-5 wp-block-group-is-layout-flex\">\n<h2 class=\"wp-block-heading\"><a href=\"https:\/\/www.stahl-ton.de\/index.php\/galerie\/muelltonnen\/\" data-type=\"page\" data-id=\"1496\">M\u00fclltonnen<\/a><\/h2>\n\n\n\n<figure class=\"wp-block-image size-large\"><a href=\"https:\/\/www.stahl-ton.de\/index.php\/galerie\/muelltonnen\/\"><img loading=\"lazy\" decoding=\"async\" width=\"1024\" height=\"685\" src=\"https:\/\/www.stahl-ton.de\/wp-content\/uploads\/2019\/01\/DSC_1627-1024x685.jpg\" alt=\"\" class=\"wp-image-551\" srcset=\"https:\/\/www.stahl-ton.de\/wp-content\/uploads\/2019\/01\/DSC_1627-1024x685.jpg 1024w, https:\/\/www.stahl-ton.de\/wp-content\/uploads\/2019\/01\/DSC_1627-300x201.jpg 300w, https:\/\/www.stahl-ton.de\/wp-content\/uploads\/2019\/01\/DSC_1627-768x514.jpg 768w, https:\/\/www.stahl-ton.de\/wp-content\/uploads\/2019\/01\/DSC_1627-1536x1028.jpg 1536w, https:\/\/www.stahl-ton.de\/wp-content\/uploads\/2019\/01\/DSC_1627-2048x1371.jpg 2048w\" sizes=\"(max-width: 1024px) 100vw, 1024px\" \/><\/a><\/figure>\n\n\n\n<h2 class=\"wp-block-heading\"><a href=\"https:\/\/www.stahl-ton.de\/index.php\/galerie\/gelaender\/\" data-type=\"page\" data-id=\"1498\">Gel\u00e4nder<\/a><\/h2>\n\n\n\n<figure class=\"wp-block-image size-large\"><a href=\"https:\/\/www.stahl-ton.de\/index.php\/galerie\/gelaender\/\"><img loading=\"lazy\" decoding=\"async\" width=\"768\" height=\"1024\" src=\"https:\/\/www.stahl-ton.de\/wp-content\/uploads\/2019\/01\/IMG_5848-768x1024.jpg\" alt=\"\" class=\"wp-image-422\" srcset=\"https:\/\/www.stahl-ton.de\/wp-content\/uploads\/2019\/01\/IMG_5848-768x1024.jpg 768w, https:\/\/www.stahl-ton.de\/wp-content\/uploads\/2019\/01\/IMG_5848-225x300.jpg 225w, https:\/\/www.stahl-ton.de\/wp-content\/uploads\/2019\/01\/IMG_5848-1152x1536.jpg 1152w, https:\/\/www.stahl-ton.de\/wp-content\/uploads\/2019\/01\/IMG_5848.jpg 1200w\" sizes=\"(max-width: 768px) 100vw, 768px\" \/><\/a><\/figure>\n<\/div>\n\n\n\n<div class=\"wp-block-group is-vertical is-layout-flex wp-container-core-group-is-layout-6 wp-block-group-is-layout-flex\">\n<h2 class=\"wp-block-heading\"><a href=\"https:\/\/www.stahl-ton.de\/index.php\/galerie\/schmiedekunst\/\" data-type=\"page\" data-id=\"1500\">Schmiedekunst<\/a><\/h2>\n\n\n\n<figure class=\"wp-block-image size-large\"><a href=\"https:\/\/www.stahl-ton.de\/index.php\/galerie\/schmiedekunst\/\"><img loading=\"lazy\" decoding=\"async\" width=\"768\" height=\"1024\" src=\"https:\/\/www.stahl-ton.de\/wp-content\/uploads\/2020\/08\/008-scaled-1-768x1024.jpg\" alt=\"\" class=\"wp-image-777\" srcset=\"https:\/\/www.stahl-ton.de\/wp-content\/uploads\/2020\/08\/008-scaled-1-768x1024.jpg 768w, https:\/\/www.stahl-ton.de\/wp-content\/uploads\/2020\/08\/008-scaled-1-225x300.jpg 225w, https:\/\/www.stahl-ton.de\/wp-content\/uploads\/2020\/08\/008-scaled-1-1152x1536.jpg 1152w, https:\/\/www.stahl-ton.de\/wp-content\/uploads\/2020\/08\/008-scaled-1-1536x2048.jpg 1536w, https:\/\/www.stahl-ton.de\/wp-content\/uploads\/2020\/08\/008-scaled-1.jpg 1920w\" sizes=\"(max-width: 768px) 100vw, 768px\" \/><\/a><\/figure>\n<\/div>\n\n\n\n<p><\/p>\n\n\n\n<div class=\"wp-block-group is-vertical is-layout-flex wp-container-core-group-is-layout-7 wp-block-group-is-layout-flex\">\n<h2 class=\"wp-block-heading\"><a href=\"http:\/\/Glas\">Glas<\/a><\/h2>\n\n\n\n<figure class=\"wp-block-image size-large\"><a href=\"https:\/\/www.stahl-ton.de\/index.php\/galerie\/glas\/\"><img loading=\"lazy\" decoding=\"async\" width=\"685\" height=\"1024\" src=\"https:\/\/www.stahl-ton.de\/wp-content\/uploads\/2019\/01\/DSC_1217-1-e1546720878377-685x1024.jpg\" alt=\"\" class=\"wp-image-460\" srcset=\"https:\/\/www.stahl-ton.de\/wp-content\/uploads\/2019\/01\/DSC_1217-1-e1546720878377-685x1024.jpg 685w, https:\/\/www.stahl-ton.de\/wp-content\/uploads\/2019\/01\/DSC_1217-1-e1546720878377-201x300.jpg 201w, https:\/\/www.stahl-ton.de\/wp-content\/uploads\/2019\/01\/DSC_1217-1-e1546720878377-768x1147.jpg 768w, https:\/\/www.stahl-ton.de\/wp-content\/uploads\/2019\/01\/DSC_1217-1-e1546720878377-1028x1536.jpg 1028w, https:\/\/www.stahl-ton.de\/wp-content\/uploads\/2019\/01\/DSC_1217-1-e1546720878377-1371x2048.jpg 1371w, https:\/\/www.stahl-ton.de\/wp-content\/uploads\/2019\/01\/DSC_1217-1-e1546720878377-scaled.jpg 1714w\" sizes=\"(max-width: 685px) 100vw, 685px\" \/><\/a><\/figure>\n<\/div>\n\n\n\n<div class=\"wp-block-group is-vertical is-layout-flex wp-container-core-group-is-layout-8 wp-block-group-is-layout-flex\">\n<h2 class=\"wp-block-heading\"><a href=\"https:\/\/www.stahl-ton.de\/index.php\/galerie\/tische\/\" data-type=\"page\" data-id=\"1507\">Tische<\/a><\/h2>\n\n\n\n<figure class=\"wp-block-image size-large\"><a href=\"https:\/\/www.stahl-ton.de\/index.php\/galerie\/tische\/\"><img loading=\"lazy\" decoding=\"async\" width=\"1024\" height=\"576\" src=\"https:\/\/www.stahl-ton.de\/wp-content\/uploads\/2023\/02\/20220923_142504-scaled-1-1024x576.jpg\" alt=\"\" class=\"wp-image-1127\" srcset=\"https:\/\/www.stahl-ton.de\/wp-content\/uploads\/2023\/02\/20220923_142504-scaled-1-1024x576.jpg 1024w, https:\/\/www.stahl-ton.de\/wp-content\/uploads\/2023\/02\/20220923_142504-scaled-1-300x169.jpg 300w, https:\/\/www.stahl-ton.de\/wp-content\/uploads\/2023\/02\/20220923_142504-scaled-1-768x432.jpg 768w, https:\/\/www.stahl-ton.de\/wp-content\/uploads\/2023\/02\/20220923_142504-scaled-1-1536x864.jpg 1536w, https:\/\/www.stahl-ton.de\/wp-content\/uploads\/2023\/02\/20220923_142504-scaled-1-2048x1152.jpg 2048w\" sizes=\"(max-width: 1024px) 100vw, 1024px\" \/><\/a><\/figure>\n<\/div>\n\n\n\n<div class=\"wp-block-group is-vertical is-layout-flex wp-container-core-group-is-layout-9 wp-block-group-is-layout-flex\">\n<h2 class=\"wp-block-heading\"><a href=\"https:\/\/www.stahl-ton.de\/index.php\/galerie\/garten\/\" data-type=\"page\" data-id=\"1509\">Garten<\/a><\/h2>\n\n\n\n<figure class=\"wp-block-image size-large\"><a href=\"https:\/\/www.stahl-ton.de\/index.php\/galerie\/garten\/\"><img loading=\"lazy\" decoding=\"async\" width=\"1024\" height=\"685\" src=\"https:\/\/www.stahl-ton.de\/wp-content\/uploads\/2019\/01\/DSC_1215-1024x685.jpg\" alt=\"\" class=\"wp-image-461\" srcset=\"https:\/\/www.stahl-ton.de\/wp-content\/uploads\/2019\/01\/DSC_1215-1024x685.jpg 1024w, https:\/\/www.stahl-ton.de\/wp-content\/uploads\/2019\/01\/DSC_1215-300x201.jpg 300w, https:\/\/www.stahl-ton.de\/wp-content\/uploads\/2019\/01\/DSC_1215-768x514.jpg 768w, https:\/\/www.stahl-ton.de\/wp-content\/uploads\/2019\/01\/DSC_1215-1536x1028.jpg 1536w, https:\/\/www.stahl-ton.de\/wp-content\/uploads\/2019\/01\/DSC_1215-2048x1371.jpg 2048w\" sizes=\"(max-width: 1024px) 100vw, 1024px\" \/><\/a><\/figure>\n<\/div>\n\n\n\n<div class=\"wp-block-group is-vertical is-layout-flex wp-container-core-group-is-layout-10 wp-block-group-is-layout-flex\">\n<h2 class=\"wp-block-heading\"><a href=\"https:\/\/www.stahl-ton.de\/index.php\/galerie\/pflanzenkuebel\/\" data-type=\"page\" data-id=\"1511\">Pflanzenk\u00fcbel<\/a><\/h2>\n\n\n\n<figure class=\"wp-block-image size-large\"><a href=\"https:\/\/www.stahl-ton.de\/index.php\/galerie\/pflanzenkuebel\/\"><img loading=\"lazy\" decoding=\"async\" width=\"576\" height=\"1024\" src=\"https:\/\/www.stahl-ton.de\/wp-content\/uploads\/2023\/02\/20221006_172551-scaled-1-576x1024.jpg\" alt=\"\" class=\"wp-image-1090\" srcset=\"https:\/\/www.stahl-ton.de\/wp-content\/uploads\/2023\/02\/20221006_172551-scaled-1-576x1024.jpg 576w, https:\/\/www.stahl-ton.de\/wp-content\/uploads\/2023\/02\/20221006_172551-scaled-1-169x300.jpg 169w, https:\/\/www.stahl-ton.de\/wp-content\/uploads\/2023\/02\/20221006_172551-scaled-1-768x1365.jpg 768w, https:\/\/www.stahl-ton.de\/wp-content\/uploads\/2023\/02\/20221006_172551-scaled-1-864x1536.jpg 864w, https:\/\/www.stahl-ton.de\/wp-content\/uploads\/2023\/02\/20221006_172551-scaled-1-1152x2048.jpg 1152w, https:\/\/www.stahl-ton.de\/wp-content\/uploads\/2023\/02\/20221006_172551-scaled-1.jpg 1440w\" sizes=\"(max-width: 576px) 100vw, 576px\" \/><\/a><\/figure>\n<\/div>\n\n\n\n<div class=\"wp-block-group is-vertical is-layout-flex wp-container-core-group-is-layout-11 wp-block-group-is-layout-flex\">\n<h4 class=\"wp-block-heading\"><a href=\"https:\/\/www.stahl-ton.de\/index.php\/galerie\/terrassenueberdachungen\/\" data-type=\"page\" data-id=\"1513\">Terrassen\u00fcberdachung<\/a><\/h4>\n\n\n\n<figure class=\"wp-block-image size-large\"><a href=\"https:\/\/www.stahl-ton.de\/index.php\/galerie\/terrassenueberdachungen\/\"><img loading=\"lazy\" decoding=\"async\" width=\"1024\" height=\"685\" src=\"https:\/\/www.stahl-ton.de\/wp-content\/uploads\/2019\/01\/DSC_1324-1-1024x685.jpg\" alt=\"\" class=\"wp-image-558\" srcset=\"https:\/\/www.stahl-ton.de\/wp-content\/uploads\/2019\/01\/DSC_1324-1-1024x685.jpg 1024w, https:\/\/www.stahl-ton.de\/wp-content\/uploads\/2019\/01\/DSC_1324-1-300x201.jpg 300w, https:\/\/www.stahl-ton.de\/wp-content\/uploads\/2019\/01\/DSC_1324-1-768x514.jpg 768w, https:\/\/www.stahl-ton.de\/wp-content\/uploads\/2019\/01\/DSC_1324-1-1536x1028.jpg 1536w, https:\/\/www.stahl-ton.de\/wp-content\/uploads\/2019\/01\/DSC_1324-1-2048x1371.jpg 2048w\" sizes=\"(max-width: 1024px) 100vw, 1024px\" \/><\/a><\/figure>\n<\/div>\n\n\n\n<div class=\"wp-block-group is-vertical is-layout-flex wp-container-core-group-is-layout-12 wp-block-group-is-layout-flex\">\n<h4 class=\"wp-block-heading\"><a href=\"https:\/\/www.stahl-ton.de\/index.php\/galerie\/kellerabtrennungen\/\" data-type=\"page\" data-id=\"1515\">Kellerabtrennungen<\/a><\/h4>\n\n\n\n<figure class=\"wp-block-image size-large\"><a href=\"https:\/\/www.stahl-ton.de\/index.php\/galerie\/kellerabtrennungen\/\"><img loading=\"lazy\" decoding=\"async\" width=\"1024\" height=\"768\" src=\"https:\/\/www.stahl-ton.de\/wp-content\/uploads\/2019\/01\/IMG_3332-1024x768.jpg\" alt=\"\" class=\"wp-image-604\" srcset=\"https:\/\/www.stahl-ton.de\/wp-content\/uploads\/2019\/01\/IMG_3332-1024x768.jpg 1024w, https:\/\/www.stahl-ton.de\/wp-content\/uploads\/2019\/01\/IMG_3332-300x225.jpg 300w, https:\/\/www.stahl-ton.de\/wp-content\/uploads\/2019\/01\/IMG_3332-768x576.jpg 768w, https:\/\/www.stahl-ton.de\/wp-content\/uploads\/2019\/01\/IMG_3332-1536x1152.jpg 1536w, https:\/\/www.stahl-ton.de\/wp-content\/uploads\/2019\/01\/IMG_3332-2048x1536.jpg 2048w\" sizes=\"(max-width: 1024px) 100vw, 1024px\" \/><\/a><\/figure>\n<\/div>\n\n\n\n<div class=\"wp-block-group is-vertical is-layout-flex wp-container-core-group-is-layout-13 wp-block-group-is-layout-flex\">\n<h4 class=\"wp-block-heading\"><a href=\"https:\/\/www.stahl-ton.de\/index.php\/galerie\/bueroabtrennungen\/\" data-type=\"page\" data-id=\"1520\">B\u00fcroabtrennungen<\/a><\/h4>\n\n\n\n<figure class=\"wp-block-image size-large\"><a href=\"https:\/\/www.stahl-ton.de\/index.php\/galerie\/bueroabtrennungen\/\"><img loading=\"lazy\" decoding=\"async\" width=\"1024\" height=\"768\" src=\"https:\/\/www.stahl-ton.de\/wp-content\/uploads\/2019\/12\/20191129_125147-1024x768.jpg\" alt=\"\" class=\"wp-image-624\" srcset=\"https:\/\/www.stahl-ton.de\/wp-content\/uploads\/2019\/12\/20191129_125147-1024x768.jpg 1024w, https:\/\/www.stahl-ton.de\/wp-content\/uploads\/2019\/12\/20191129_125147-300x225.jpg 300w, https:\/\/www.stahl-ton.de\/wp-content\/uploads\/2019\/12\/20191129_125147-768x576.jpg 768w, https:\/\/www.stahl-ton.de\/wp-content\/uploads\/2019\/12\/20191129_125147-1536x1152.jpg 1536w, https:\/\/www.stahl-ton.de\/wp-content\/uploads\/2019\/12\/20191129_125147-2048x1536.jpg 2048w\" sizes=\"(max-width: 1024px) 100vw, 1024px\" \/><\/a><\/figure>\n<\/div>\n","protected":false},"excerpt":{"rendered":"<p>Passagen 2023 Tore T\u00fcren Loftt\u00fcren M\u00fclltonnen Gel\u00e4nder Schmiedekunst Glas Tische Garten Pflanzenk\u00fcbel Terrassen\u00fcberdachung Kellerabtrennungen B\u00fcroabtrennungen<\/p>\n","protected":false},"author":1,"featured_media":0,"parent":0,"menu_order":0,"comment_status":"closed","ping_status":"closed","template":"","meta":{"footnotes":""},"class_list":["post-1274","page","type-page","status-publish","hentry"],"aioseo_notices":[],"_links":{"self":[{"href":"https:\/\/www.stahl-ton.de\/index.php\/wp-json\/wp\/v2\/pages\/1274"}],"collection":[{"href":"https:\/\/www.stahl-ton.de\/index.php\/wp-json\/wp\/v2\/pages"}],"about":[{"href":"https:\/\/www.stahl-ton.de\/index.php\/wp-json\/wp\/v2\/types\/page"}],"author":[{"embeddable":true,"href":"https:\/\/www.stahl-ton.de\/index.php\/wp-json\/wp\/v2\/users\/1"}],"replies":[{"embeddable":true,"href":"https:\/\/www.stahl-ton.de\/index.php\/wp-json\/wp\/v2\/comments?post=1274"}],"version-history":[{"count":45,"href":"https:\/\/www.stahl-ton.de\/index.php\/wp-json\/wp\/v2\/pages\/1274\/revisions"}],"predecessor-version":[{"id":1662,"href":"https:\/\/www.stahl-ton.de\/index.php\/wp-json\/wp\/v2\/pages\/1274\/revisions\/1662"}],"wp:attachment":[{"href":"https:\/\/www.stahl-ton.de\/index.php\/wp-json\/wp\/v2\/media?parent=1274"}],"curies":[{"name":"wp","href":"https:\/\/api.w.org\/{rel}","templated":true}]}}